{"id":1117,"date":"2024-08-20T16:18:45","date_gmt":"2024-08-20T14:18:45","guid":{"rendered":"https:\/\/www.flane.ch\/blog\/?page_id=1117"},"modified":"2024-11-06T16:08:15","modified_gmt":"2024-11-06T15:08:15","slug":"get-ahead-the-swiss-fast-lane-blog","status":"publish","type":"page","link":"https:\/\/www.flane.ch\/blog\/","title":{"rendered":"GET >HE>D \u2013 HOME OF DIGITAL TRANSFORMERS"},"content":{"rendered":"\n<p><strong>Die Digitale Transformation ist l\u00e4ngst keine Option mehr, sondern alternativlos. Um mittel- und langfristig in der neuen Dimension der Marktbearbeitung langfristig wettbewerbsf\u00e4hig zu bleiben.<\/strong><\/p>\n\n\n\n<p>Die Forschung im Bereich der K\u00fcnstlichen Intelligenz, Cloud Computing und Cyber Security entwickelt sich immer schneller, mittlerweile werden beinahe w\u00f6chentlich Fortschritte vermeldet. Weshalb Unternehmen gut beraten sind, sicherzustellen, dass ihre IT-Kompetenztr\u00e4gerInnen die rasante Entwicklung mitgehen.<\/p>\n\n\n\n<p>Wir sind SpezialistInnen der Wissensvermittlung in diesen Disziplinen und verf\u00fcgen \u00fcber 4000 international preisgekr\u00f6nte Experten-K\u00f6pfe, die sich als Br\u00fcckenbauer zwischen analoger und digitaler Welt verstehen \u2013 und Ihnen \/ Ihren Teams jederzeit f\u00fcr personalisierten Know-How-Transfer zur Verf\u00fcgung stehen.<\/p>\n\n\n\n<p>Dieser Blog soll insbesondere Anti-IT-Nerds wie CEO\u00b4s oder CMO\u00b4s die komplexe, rasant drehende IT Development Welt den Nutzen von bevorstehenden Investitionen so pragmatisch und simpel wie m\u00f6glich n\u00e4her bringen &#8211; um wichtige Entscheidungen sicher und richtig zu treffen.<\/p>\n\n\n\n<p>Viel Spass und jede Menge steile Lernkurven w\u00fcnschen Ihnen,<\/p>\n\n\n\n<p>Ihre Co-Piloten von Fast Lane Switzerland.<\/p>\n\n\n\n<hr class=\"wp-block-separator has-alpha-channel-opacity is-style-wide\"\/>\n\n\n\n<h2 class=\"wp-block-heading\"><strong>Neuste Beitr\u00e4ge<\/strong><\/h2>\n\n\n\n<div class=\"wp-block-group is-vertical is-layout-flex wp-container-core-group-is-layout-cad6fa5e wp-block-group-is-layout-flex\" style=\"border-style:none;border-width:0px;margin-top:0;margin-bottom:0;padding-top:var(--wp--preset--spacing--10);padding-right:0;padding-bottom:var(--wp--preset--spacing--10);padding-left:0\">\n<div class=\"wp-block-query is-layout-flow wp-block-query-is-layout-flow\"><ul class=\"columns-2 wp-block-post-template is-layout-grid wp-container-core-post-template-is-layout-689783ef wp-block-post-template-is-layout-grid\"><li class=\"wp-block-post post-1314 post type-post status-publish format-standard has-post-thumbnail hentry category-allgemein category-cyber-security tag-cyber-security tag-domainsicherheit\">\n<figure class=\"wp-block-post-featured-image\"><img loading=\"lazy\" decoding=\"async\" width=\"1792\" height=\"1024\" src=\"https:\/\/www.flane.ch\/blog\/wp-content\/uploads\/2024\/10\/Blogbanner-Cybernuk-2.webp\" class=\"attachment-post-thumbnail size-post-thumbnail wp-post-image\" alt=\"\" style=\"object-fit:cover;\" srcset=\"https:\/\/www.flane.ch\/blog\/wp-content\/uploads\/2024\/10\/Blogbanner-Cybernuk-2.webp 1792w, https:\/\/www.flane.ch\/blog\/wp-content\/uploads\/2024\/10\/Blogbanner-Cybernuk-2-900x514.webp 900w, https:\/\/www.flane.ch\/blog\/wp-content\/uploads\/2024\/10\/Blogbanner-Cybernuk-2-1024x585.webp 1024w, https:\/\/www.flane.ch\/blog\/wp-content\/uploads\/2024\/10\/Blogbanner-Cybernuk-2-768x439.webp 768w, https:\/\/www.flane.ch\/blog\/wp-content\/uploads\/2024\/10\/Blogbanner-Cybernuk-2-1536x878.webp 1536w, https:\/\/www.flane.ch\/blog\/wp-content\/uploads\/2024\/10\/Blogbanner-Cybernuk-2-640x366.webp 640w\" sizes=\"auto, (max-width: 1792px) 100vw, 1792px\" \/><\/figure>\n\n<h3 class=\"wp-block-post-title\"><a href=\"https:\/\/www.flane.ch\/blog\/2024\/10\/25\/erneuern-sie-ihre-domain-oder-ein-anderer-betreibtcybernack-damit\/\" target=\"_self\" >ERNEUERN SIE IHRE DOMAIN &#8211; ODER EIN ANDERER BETREIBT CYBERNACK IN IHREM NAMEN<\/a><\/h3>\n\n<div class=\"wp-block-post-excerpt\"><p class=\"wp-block-post-excerpt__excerpt\">Cybernack klingt lustig, ist es aber nicht immer. Der Schabernack, den Betr\u00fcger mit Ihren Domains im Netz anstellen k\u00f6nnen, geht mittlerweile nicht mehr als Bagatelle durch. Wenn Sie vergessen, Ihre Dom\u00e4ne fristgerecht zu erneuern, macht es jemand anderes f\u00fcr Sie &#8211; und zieht Ihren Namen (bestenfalls)&hellip; <\/p><\/div>\n\n\n<div style=\"height:36px\" aria-hidden=\"true\" class=\"wp-block-spacer\"><\/div>\n\n\n\n<div class=\"wp-block-group is-horizontal is-content-justification-left is-nowrap is-layout-flex wp-container-core-group-is-layout-5299f5e1 wp-block-group-is-layout-flex\" style=\"padding-top:0;padding-right:0;padding-bottom:0;padding-left:0\"><div class=\"has-link-color wp-elements-c311872cba4751b05349929474eda5cc wp-block-post-date has-text-color has-contrast-2-color\"><time datetime=\"2024-10-25T12:10:31+02:00\">25. Oktober 2024<\/time><\/div>\n\n<div class=\"has-link-color wp-elements-4b35a7c724fe3052aa53e06f4be155f0 wp-block-post-author-name has-text-color has-contrast-2-color\">Sascha Plecic<\/div><\/div>\n\n\n\n<div style=\"height:36px\" aria-hidden=\"true\" class=\"wp-block-spacer\"><\/div>\n\n<\/li><li class=\"wp-block-post post-1275 post type-post status-publish format-standard has-post-thumbnail hentry category-allgemein\">\n<figure class=\"wp-block-post-featured-image\"><img loading=\"lazy\" decoding=\"async\" width=\"1792\" height=\"1024\" src=\"https:\/\/www.flane.ch\/blog\/wp-content\/uploads\/2024\/10\/get.your_.number02.jpg\" class=\"attachment-post-thumbnail size-post-thumbnail wp-post-image\" alt=\"\" style=\"object-fit:cover;\" srcset=\"https:\/\/www.flane.ch\/blog\/wp-content\/uploads\/2024\/10\/get.your_.number02.jpg 1792w, https:\/\/www.flane.ch\/blog\/wp-content\/uploads\/2024\/10\/get.your_.number02-900x514.jpg 900w, https:\/\/www.flane.ch\/blog\/wp-content\/uploads\/2024\/10\/get.your_.number02-1024x585.jpg 1024w, https:\/\/www.flane.ch\/blog\/wp-content\/uploads\/2024\/10\/get.your_.number02-768x439.jpg 768w, https:\/\/www.flane.ch\/blog\/wp-content\/uploads\/2024\/10\/get.your_.number02-1536x878.jpg 1536w, https:\/\/www.flane.ch\/blog\/wp-content\/uploads\/2024\/10\/get.your_.number02-640x366.jpg 640w\" sizes=\"auto, (max-width: 1792px) 100vw, 1792px\" \/><\/figure>\n\n<h3 class=\"wp-block-post-title\"><a href=\"https:\/\/www.flane.ch\/blog\/2024\/10\/22\/get-hed-your-numbers-with-artificial-intelligence\/\" target=\"_self\" >GET &gt;HE&gt;D YOUR NUMBERS &#8211; WITH ARTIFICIAL INTELLIGENCE\u00a0<\/a><\/h3>\n\n<div class=\"wp-block-post-excerpt\"><p class=\"wp-block-post-excerpt__excerpt\">Bei Geld h\u00f6rt die Freundschaft auf &#8211; oder f\u00e4ngt eben an. Das ist bei der Beziehung zu K\u00fcnstlicher Intelligenz genauso. Man muss sich erstmal kennen, um sich weiter anzun\u00e4hern &#8211; und lernen, sich vertrauen zu k\u00f6nnen. Wir sind im Fall von UnternehmerInnen bei Blutgruppen Benzin und&hellip; <\/p><\/div>\n\n\n<div style=\"height:36px\" aria-hidden=\"true\" class=\"wp-block-spacer\"><\/div>\n\n\n\n<div class=\"wp-block-group is-horizontal is-content-justification-left is-nowrap is-layout-flex wp-container-core-group-is-layout-5299f5e1 wp-block-group-is-layout-flex\" style=\"padding-top:0;padding-right:0;padding-bottom:0;padding-left:0\"><div class=\"has-link-color wp-elements-c311872cba4751b05349929474eda5cc wp-block-post-date has-text-color has-contrast-2-color\"><time datetime=\"2024-10-22T09:31:27+02:00\">22. Oktober 2024<\/time><\/div>\n\n<div class=\"has-link-color wp-elements-4b35a7c724fe3052aa53e06f4be155f0 wp-block-post-author-name has-text-color has-contrast-2-color\">Sascha Plecic<\/div><\/div>\n\n\n\n<div style=\"height:36px\" aria-hidden=\"true\" class=\"wp-block-spacer\"><\/div>\n\n<\/li><li class=\"wp-block-post post-1190 post type-post status-publish format-standard has-post-thumbnail hentry category-allgemein tag-amazon-web-services tag-aws tag-cloud tag-cloud-computing tag-cyber-security tag-fast-lane tag-it tag-people tag-security\">\n<figure class=\"wp-block-post-featured-image\"><img loading=\"lazy\" decoding=\"async\" width=\"1292\" height=\"724\" src=\"https:\/\/www.flane.ch\/blog\/wp-content\/uploads\/2024\/10\/Bildschirmfoto-2024-10-18-um-16.14.18.png\" class=\"attachment-post-thumbnail size-post-thumbnail wp-post-image\" alt=\"\" style=\"object-fit:cover;\" srcset=\"https:\/\/www.flane.ch\/blog\/wp-content\/uploads\/2024\/10\/Bildschirmfoto-2024-10-18-um-16.14.18.png 1292w, https:\/\/www.flane.ch\/blog\/wp-content\/uploads\/2024\/10\/Bildschirmfoto-2024-10-18-um-16.14.18-900x504.png 900w, https:\/\/www.flane.ch\/blog\/wp-content\/uploads\/2024\/10\/Bildschirmfoto-2024-10-18-um-16.14.18-1024x574.png 1024w, https:\/\/www.flane.ch\/blog\/wp-content\/uploads\/2024\/10\/Bildschirmfoto-2024-10-18-um-16.14.18-768x430.png 768w, https:\/\/www.flane.ch\/blog\/wp-content\/uploads\/2024\/10\/Bildschirmfoto-2024-10-18-um-16.14.18-640x359.png 640w\" sizes=\"auto, (max-width: 1292px) 100vw, 1292px\" \/><\/figure>\n\n<h3 class=\"wp-block-post-title\"><a href=\"https:\/\/www.flane.ch\/blog\/2024\/10\/18\/algorithmen-tanzlehrer-der-maschinen\/\" target=\"_self\" >ALGORITHMEN: TANZLEHRER DER MASCHINEN<\/a><\/h3>\n\n<div class=\"wp-block-post-excerpt\"><p class=\"wp-block-post-excerpt__excerpt\">Der Mensch kann nicht ohne Maschine &#8211; und umgekehrt. Wie im letzten Artikel erw\u00e4hnt, fielen Data Mining Resultate erb\u00e4rmlich aus, wenn kein Data Scientist die Maschine f\u00fchren w\u00fcrde. Sein Algorithmusgef\u00fchl entscheidet dar\u00fcber, wie das Maschinelle Lernen der KI schlussendlich tanzt &#8211; und die verdiente Benotung ausf\u00e4llt.&hellip; <\/p><\/div>\n\n\n<div style=\"height:36px\" aria-hidden=\"true\" class=\"wp-block-spacer\"><\/div>\n\n\n\n<div class=\"wp-block-group is-horizontal is-content-justification-left is-nowrap is-layout-flex wp-container-core-group-is-layout-5299f5e1 wp-block-group-is-layout-flex\" style=\"padding-top:0;padding-right:0;padding-bottom:0;padding-left:0\"><div class=\"has-link-color wp-elements-c311872cba4751b05349929474eda5cc wp-block-post-date has-text-color has-contrast-2-color\"><time datetime=\"2024-10-18T16:36:54+02:00\">18. Oktober 2024<\/time><\/div>\n\n<div class=\"has-link-color wp-elements-4b35a7c724fe3052aa53e06f4be155f0 wp-block-post-author-name has-text-color has-contrast-2-color\">Sascha Plecic<\/div><\/div>\n\n\n\n<div style=\"height:36px\" aria-hidden=\"true\" class=\"wp-block-spacer\"><\/div>\n\n<\/li><li class=\"wp-block-post post-1180 post type-post status-publish format-standard has-post-thumbnail hentry category-allgemein tag-cyber-security tag-entwicklung tag-ki\">\n<figure class=\"wp-block-post-featured-image\"><img loading=\"lazy\" decoding=\"async\" width=\"1792\" height=\"1024\" src=\"https:\/\/www.flane.ch\/blog\/wp-content\/uploads\/2024\/10\/FIVE-TO-DRIVE.01.jpg\" class=\"attachment-post-thumbnail size-post-thumbnail wp-post-image\" alt=\"\" style=\"object-fit:cover;\" srcset=\"https:\/\/www.flane.ch\/blog\/wp-content\/uploads\/2024\/10\/FIVE-TO-DRIVE.01.jpg 1792w, https:\/\/www.flane.ch\/blog\/wp-content\/uploads\/2024\/10\/FIVE-TO-DRIVE.01-900x514.jpg 900w, https:\/\/www.flane.ch\/blog\/wp-content\/uploads\/2024\/10\/FIVE-TO-DRIVE.01-1024x585.jpg 1024w, https:\/\/www.flane.ch\/blog\/wp-content\/uploads\/2024\/10\/FIVE-TO-DRIVE.01-768x439.jpg 768w, https:\/\/www.flane.ch\/blog\/wp-content\/uploads\/2024\/10\/FIVE-TO-DRIVE.01-1536x878.jpg 1536w, https:\/\/www.flane.ch\/blog\/wp-content\/uploads\/2024\/10\/FIVE-TO-DRIVE.01-640x366.jpg 640w\" sizes=\"auto, (max-width: 1792px) 100vw, 1792px\" \/><\/figure>\n\n<h3 class=\"wp-block-post-title\"><a href=\"https:\/\/www.flane.ch\/blog\/2024\/10\/04\/five-to-drive-die-5-ki-wettbewerbsvorteile\/\" target=\"_self\" >FIVE TO DRIVE: DIE 5 KI-WETTBEWERBSVORTEILE\u00a0<\/a><\/h3>\n\n<div class=\"wp-block-post-excerpt\"><p class=\"wp-block-post-excerpt__excerpt\">\u201e2024 ist das Jahr des KI-Durchbruchs\u201c prognostizierten ende 2023 einflussreiche, f\u00fcr rigorose Gewinnoptimierungsmassnahmen bekannte Consulting-Firmen wie Mc Kinsey &amp; Co. Was auf dem Arbeitsmarkt und bei Gewerkschaften grosse Besorgnis ausl\u00f6ste. \u00dcbernehmen jetzt Maschinen den Job von Menschen, die wegrationalisiert werden? Rennen wir mit offenem Visier Richtung&hellip; <\/p><\/div>\n\n\n<div style=\"height:36px\" aria-hidden=\"true\" class=\"wp-block-spacer\"><\/div>\n\n\n\n<div class=\"wp-block-group is-horizontal is-content-justification-left is-nowrap is-layout-flex wp-container-core-group-is-layout-5299f5e1 wp-block-group-is-layout-flex\" style=\"padding-top:0;padding-right:0;padding-bottom:0;padding-left:0\"><div class=\"has-link-color wp-elements-c311872cba4751b05349929474eda5cc wp-block-post-date has-text-color has-contrast-2-color\"><time datetime=\"2024-10-04T12:15:44+02:00\">4. Oktober 2024<\/time><\/div>\n\n<div class=\"has-link-color wp-elements-4b35a7c724fe3052aa53e06f4be155f0 wp-block-post-author-name has-text-color has-contrast-2-color\">Sascha Plecic<\/div><\/div>\n\n\n\n<div style=\"height:36px\" aria-hidden=\"true\" class=\"wp-block-spacer\"><\/div>\n\n<\/li><li class=\"wp-block-post post-1177 post type-post status-publish format-standard has-post-thumbnail hentry category-allgemein\">\n<figure class=\"wp-block-post-featured-image\"><img loading=\"lazy\" decoding=\"async\" width=\"1792\" height=\"1024\" src=\"https:\/\/www.flane.ch\/blog\/wp-content\/uploads\/2024\/09\/get.us_.since_.1999.01.jpg\" class=\"attachment-post-thumbnail size-post-thumbnail wp-post-image\" alt=\"\" style=\"object-fit:cover;\" srcset=\"https:\/\/www.flane.ch\/blog\/wp-content\/uploads\/2024\/09\/get.us_.since_.1999.01.jpg 1792w, https:\/\/www.flane.ch\/blog\/wp-content\/uploads\/2024\/09\/get.us_.since_.1999.01-900x514.jpg 900w, https:\/\/www.flane.ch\/blog\/wp-content\/uploads\/2024\/09\/get.us_.since_.1999.01-1024x585.jpg 1024w, https:\/\/www.flane.ch\/blog\/wp-content\/uploads\/2024\/09\/get.us_.since_.1999.01-768x439.jpg 768w, https:\/\/www.flane.ch\/blog\/wp-content\/uploads\/2024\/09\/get.us_.since_.1999.01-1536x878.jpg 1536w, https:\/\/www.flane.ch\/blog\/wp-content\/uploads\/2024\/09\/get.us_.since_.1999.01-640x366.jpg 640w\" sizes=\"auto, (max-width: 1792px) 100vw, 1792px\" \/><\/figure>\n\n<h3 class=\"wp-block-post-title\"><a href=\"https:\/\/www.flane.ch\/blog\/2024\/09\/23\/ai-got-us-hed-since-1999\/\" target=\"_self\" >AI GOT US &gt;HE&gt;D &#8211; SINCE 1999\u00a0<\/a><\/h3>\n\n<div class=\"wp-block-post-excerpt\"><p class=\"wp-block-post-excerpt__excerpt\">Als wir in der Schweiz Fast Lane gr\u00fcndeten, war f\u00fcr uns schon klar zu erkennen, dass sich das 21. Jahrhundert in ungleich h\u00f6herer Geschwindigkeit und Dimension entwickeln w\u00fcrde. Wof\u00fcr Ingenieure bis dato einige Jahre brauchten, wird heute mit Hilfe von Maschinen in Minuten ausgearbeitet. Vorausgesetzt, der&hellip; <\/p><\/div>\n\n\n<div style=\"height:36px\" aria-hidden=\"true\" class=\"wp-block-spacer\"><\/div>\n\n\n\n<div class=\"wp-block-group is-horizontal is-content-justification-left is-nowrap is-layout-flex wp-container-core-group-is-layout-5299f5e1 wp-block-group-is-layout-flex\" style=\"padding-top:0;padding-right:0;padding-bottom:0;padding-left:0\"><div class=\"has-link-color wp-elements-c311872cba4751b05349929474eda5cc wp-block-post-date has-text-color has-contrast-2-color\"><time datetime=\"2024-09-23T15:57:37+02:00\">23. September 2024<\/time><\/div>\n\n<div class=\"has-link-color wp-elements-4b35a7c724fe3052aa53e06f4be155f0 wp-block-post-author-name has-text-color has-contrast-2-color\">Sascha Plecic<\/div><\/div>\n\n\n\n<div style=\"height:36px\" aria-hidden=\"true\" class=\"wp-block-spacer\"><\/div>\n\n<\/li><li class=\"wp-block-post post-1113 post type-post status-publish format-standard has-post-thumbnail hentry category-allgemein category-development\">\n<figure class=\"wp-block-post-featured-image\"><img loading=\"lazy\" decoding=\"async\" width=\"2048\" height=\"2048\" src=\"https:\/\/www.flane.ch\/blog\/wp-content\/uploads\/2024\/08\/Nvidia-und-Zuckerberg-1.png\" class=\"attachment-post-thumbnail size-post-thumbnail wp-post-image\" alt=\"\" style=\"object-fit:cover;\" srcset=\"https:\/\/www.flane.ch\/blog\/wp-content\/uploads\/2024\/08\/Nvidia-und-Zuckerberg-1.png 2048w, https:\/\/www.flane.ch\/blog\/wp-content\/uploads\/2024\/08\/Nvidia-und-Zuckerberg-1-900x900.png 900w, https:\/\/www.flane.ch\/blog\/wp-content\/uploads\/2024\/08\/Nvidia-und-Zuckerberg-1-1024x1024.png 1024w, https:\/\/www.flane.ch\/blog\/wp-content\/uploads\/2024\/08\/Nvidia-und-Zuckerberg-1-768x768.png 768w, https:\/\/www.flane.ch\/blog\/wp-content\/uploads\/2024\/08\/Nvidia-und-Zuckerberg-1-1536x1536.png 1536w, https:\/\/www.flane.ch\/blog\/wp-content\/uploads\/2024\/08\/Nvidia-und-Zuckerberg-1-640x640.png 640w\" sizes=\"auto, (max-width: 2048px) 100vw, 2048px\" \/><\/figure>\n\n<h3 class=\"wp-block-post-title\"><a href=\"https:\/\/www.flane.ch\/blog\/2024\/08\/15\/nvidia-was-tun-unsere-partner-so\/\" target=\"_self\" >AUSTAUSCH DER FULL META JACKETS<\/a><\/h3>\n\n<div class=\"wp-block-post-excerpt\"><p class=\"wp-block-post-excerpt__excerpt\">AUSTAUSCH DER FULL META JACKETS W\u00e4hrend der SIGGRAPH 2024 erkundeten der Gr\u00fcnder und CEO von NVIDIA, Jensen Huang, und der Gr\u00fcnder und CEO von Meta, Mark Zuckerberg, das revolution\u00e4re Potenzial von Open-Source-KI und KI-Assistenten. Bevor sie zum Gl\u00fcck keine T-Shirts, sondern symbolisch ihre Kutten tauschten: Ihre&hellip; <\/p><\/div>\n\n\n<div style=\"height:36px\" aria-hidden=\"true\" class=\"wp-block-spacer\"><\/div>\n\n\n\n<div class=\"wp-block-group is-horizontal is-content-justification-left is-nowrap is-layout-flex wp-container-core-group-is-layout-5299f5e1 wp-block-group-is-layout-flex\" style=\"padding-top:0;padding-right:0;padding-bottom:0;padding-left:0\"><div class=\"has-link-color wp-elements-c311872cba4751b05349929474eda5cc wp-block-post-date has-text-color has-contrast-2-color\"><time datetime=\"2024-08-15T18:22:37+02:00\">15. August 2024<\/time><\/div>\n\n<div class=\"has-link-color wp-elements-4b35a7c724fe3052aa53e06f4be155f0 wp-block-post-author-name has-text-color has-contrast-2-color\">Sascha Plecic<\/div><\/div>\n\n\n\n<div style=\"height:36px\" aria-hidden=\"true\" class=\"wp-block-spacer\"><\/div>\n\n<\/li><\/ul>\n\n\n<div style=\"height:36px\" aria-hidden=\"true\" class=\"wp-block-spacer\"><\/div>\n\n\n\n<div class=\"wp-block-group is-horizontal is-content-justification-center is-nowrap is-layout-flex wp-container-core-group-is-layout-17e6dd52 wp-block-group-is-layout-flex\" style=\"margin-top:0;margin-bottom:0;padding-top:0;padding-right:0px;padding-bottom:0;padding-left:0px\"><nav class=\"wp-block-query-pagination wp-container-content-9cfa9a5a is-content-justification-center is-nowrap is-layout-flex wp-container-core-query-pagination-is-layout-23441af8 wp-block-query-pagination-is-layout-flex\" aria-label=\"Seitennummerierung\">\n\n\n<a href=\"\/blog\/wp-json\/wp\/v2\/pages\/1117?query-105-page=2\" style=\"text-transform:uppercase;\" class=\"wp-block-query-pagination-next has-small-font-size\">Next<\/a>\n<\/nav><\/div>\n<\/div>\n<\/div>\n","protected":false},"excerpt":{"rendered":"<p>Die Digitale Transformation ist l\u00e4ngst keine Option mehr, sondern alternativlos. Um mittel- und langfristig in der neuen Dimension der Marktbearbeitung langfristig wettbewerbsf\u00e4hig zu bleiben. Die Forschung im Bereich der K\u00fcnstlichen Intelligenz, Cloud Computing und Cyber Security entwickelt sich immer schneller, mittlerweile werden beinahe w\u00f6chentlich Fortschritte vermeldet. Weshalb Unternehmen gut beraten sind, sicherzustellen, dass ihre IT-Kompetenztr\u00e4gerInnen [&hellip;]<\/p>\n","protected":false},"author":17,"featured_media":0,"parent":0,"menu_order":0,"comment_status":"closed","ping_status":"closed","template":"","meta":{"footnotes":""},"class_list":["post-1117","page","type-page","status-publish","hentry"],"yoast_head":"<!-- This site is optimized with the Yoast SEO plugin v26.6 - https:\/\/yoast.com\/wordpress\/plugins\/seo\/ -->\n<title>GET &gt;HE&gt;D \u2013 HOME OF DIGITAL TRANSFORMERS &#8211; Get AHead \u2013 The Swiss Fast Lane Blog<\/title>\n<meta name=\"robots\" content=\"index, follow, max-snippet:-1, max-image-preview:large, max-video-preview:-1\" \/>\n<link rel=\"canonical\" href=\"https:\/\/www.flane.ch\/blog\/\" \/>\n<link rel=\"next\" href=\"https:\/\/www.flane.ch\/blog\/1117?query-105-page=2\" \/>\n<meta name=\"twitter:card\" content=\"summary_large_image\" \/>\n<meta name=\"twitter:title\" content=\"GET &gt;HE&gt;D \u2013 HOME OF DIGITAL TRANSFORMERS &#8211; Get AHead \u2013 The Swiss Fast Lane Blog\" \/>\n<meta name=\"twitter:description\" content=\"Die Digitale Transformation ist l\u00e4ngst keine Option mehr, sondern alternativlos. Um mittel- und langfristig in der neuen Dimension der Marktbearbeitung langfristig wettbewerbsf\u00e4hig zu bleiben. Die Forschung im Bereich der K\u00fcnstlichen Intelligenz, Cloud Computing und Cyber Security entwickelt sich immer schneller, mittlerweile werden beinahe w\u00f6chentlich Fortschritte vermeldet. Weshalb Unternehmen gut beraten sind, sicherzustellen, dass ihre IT-Kompetenztr\u00e4gerInnen [&hellip;]\" \/>\n<meta name=\"twitter:site\" content=\"@fastlanegermany\" \/>\n<meta name=\"twitter:label1\" content=\"Gesch\u00e4tzte Lesezeit\" \/>\n\t<meta name=\"twitter:data1\" content=\"1\u00a0Minute\" \/>\n<script type=\"application\/ld+json\" class=\"yoast-schema-graph\">{\"@context\":\"https:\/\/schema.org\",\"@graph\":[{\"@type\":\"WebPage\",\"@id\":\"https:\/\/www.flane.ch\/blog\/\",\"url\":\"https:\/\/www.flane.ch\/blog\/\",\"name\":\"GET >HE>D \u2013 HOME OF DIGITAL TRANSFORMERS &#8211; Get AHead \u2013 The Swiss Fast Lane Blog\",\"isPartOf\":{\"@id\":\"http:\/\/www.flane.ch\/blog\/#website\"},\"datePublished\":\"2024-08-20T14:18:45+00:00\",\"dateModified\":\"2024-11-06T15:08:15+00:00\",\"breadcrumb\":{\"@id\":\"https:\/\/www.flane.ch\/blog\/#breadcrumb\"},\"inLanguage\":\"de\",\"potentialAction\":[{\"@type\":\"ReadAction\",\"target\":[\"https:\/\/www.flane.ch\/blog\/\"]}]},{\"@type\":\"BreadcrumbList\",\"@id\":\"https:\/\/www.flane.ch\/blog\/#breadcrumb\",\"itemListElement\":[{\"@type\":\"ListItem\",\"position\":1,\"name\":\"Startseite\",\"item\":\"https:\/\/www.flane.ch\/blog\/\"},{\"@type\":\"ListItem\",\"position\":2,\"name\":\"GET >HE>D \u2013 HOME OF DIGITAL TRANSFORMERS\"}]},{\"@type\":\"WebSite\",\"@id\":\"http:\/\/www.flane.ch\/blog\/#website\",\"url\":\"http:\/\/www.flane.ch\/blog\/\",\"name\":\"Fast Lane Blog\",\"description\":\"\",\"publisher\":{\"@id\":\"http:\/\/www.flane.ch\/blog\/#organization\"},\"potentialAction\":[{\"@type\":\"SearchAction\",\"target\":{\"@type\":\"EntryPoint\",\"urlTemplate\":\"http:\/\/www.flane.ch\/blog\/?s={search_term_string}\"},\"query-input\":{\"@type\":\"PropertyValueSpecification\",\"valueRequired\":true,\"valueName\":\"search_term_string\"}}],\"inLanguage\":\"de\"},{\"@type\":\"Organization\",\"@id\":\"http:\/\/www.flane.ch\/blog\/#organization\",\"name\":\"Fast Lane Institute for Knowledge Transfer GmbH\",\"url\":\"http:\/\/www.flane.ch\/blog\/\",\"logo\":{\"@type\":\"ImageObject\",\"inLanguage\":\"de\",\"@id\":\"http:\/\/www.flane.ch\/blog\/#\/schema\/logo\/image\/\",\"url\":\"\",\"contentUrl\":\"\",\"caption\":\"Fast Lane Institute for Knowledge Transfer GmbH\"},\"image\":{\"@id\":\"http:\/\/www.flane.ch\/blog\/#\/schema\/logo\/image\/\"},\"sameAs\":[\"http:\/\/www.facebook.com\/pages\/Fast-Lane-Deutschland\/111731048886409\",\"https:\/\/x.com\/fastlanegermany\",\"https:\/\/www.linkedin.com\/company\/fast-lane-deutschland\",\"http:\/\/www.youtube.com\/user\/FastLaneGmbH\"]}]}<\/script>\n<!-- \/ Yoast SEO plugin. -->","yoast_head_json":{"title":"GET >HE>D \u2013 HOME OF DIGITAL TRANSFORMERS &#8211; Get AHead \u2013 The Swiss Fast Lane Blog","robots":{"index":"index","follow":"follow","max-snippet":"max-snippet:-1","max-image-preview":"max-image-preview:large","max-video-preview":"max-video-preview:-1"},"canonical":"https:\/\/www.flane.ch\/blog\/","next":"https:\/\/www.flane.ch\/blog\/1117?query-105-page=2","twitter_card":"summary_large_image","twitter_title":"GET >HE>D \u2013 HOME OF DIGITAL TRANSFORMERS &#8211; Get AHead \u2013 The Swiss Fast Lane Blog","twitter_description":"Die Digitale Transformation ist l\u00e4ngst keine Option mehr, sondern alternativlos. Um mittel- und langfristig in der neuen Dimension der Marktbearbeitung langfristig wettbewerbsf\u00e4hig zu bleiben. Die Forschung im Bereich der K\u00fcnstlichen Intelligenz, Cloud Computing und Cyber Security entwickelt sich immer schneller, mittlerweile werden beinahe w\u00f6chentlich Fortschritte vermeldet. Weshalb Unternehmen gut beraten sind, sicherzustellen, dass ihre IT-Kompetenztr\u00e4gerInnen [&hellip;]","twitter_site":"@fastlanegermany","twitter_misc":{"Gesch\u00e4tzte Lesezeit":"1\u00a0Minute"},"schema":{"@context":"https:\/\/schema.org","@graph":[{"@type":"WebPage","@id":"https:\/\/www.flane.ch\/blog\/","url":"https:\/\/www.flane.ch\/blog\/","name":"GET >HE>D \u2013 HOME OF DIGITAL TRANSFORMERS &#8211; Get AHead \u2013 The Swiss Fast Lane Blog","isPartOf":{"@id":"http:\/\/www.flane.ch\/blog\/#website"},"datePublished":"2024-08-20T14:18:45+00:00","dateModified":"2024-11-06T15:08:15+00:00","breadcrumb":{"@id":"https:\/\/www.flane.ch\/blog\/#breadcrumb"},"inLanguage":"de","potentialAction":[{"@type":"ReadAction","target":["https:\/\/www.flane.ch\/blog\/"]}]},{"@type":"BreadcrumbList","@id":"https:\/\/www.flane.ch\/blog\/#breadcrumb","itemListElement":[{"@type":"ListItem","position":1,"name":"Startseite","item":"https:\/\/www.flane.ch\/blog\/"},{"@type":"ListItem","position":2,"name":"GET >HE>D \u2013 HOME OF DIGITAL TRANSFORMERS"}]},{"@type":"WebSite","@id":"http:\/\/www.flane.ch\/blog\/#website","url":"http:\/\/www.flane.ch\/blog\/","name":"Fast Lane Blog","description":"","publisher":{"@id":"http:\/\/www.flane.ch\/blog\/#organization"},"potentialAction":[{"@type":"SearchAction","target":{"@type":"EntryPoint","urlTemplate":"http:\/\/www.flane.ch\/blog\/?s={search_term_string}"},"query-input":{"@type":"PropertyValueSpecification","valueRequired":true,"valueName":"search_term_string"}}],"inLanguage":"de"},{"@type":"Organization","@id":"http:\/\/www.flane.ch\/blog\/#organization","name":"Fast Lane Institute for Knowledge Transfer GmbH","url":"http:\/\/www.flane.ch\/blog\/","logo":{"@type":"ImageObject","inLanguage":"de","@id":"http:\/\/www.flane.ch\/blog\/#\/schema\/logo\/image\/","url":"","contentUrl":"","caption":"Fast Lane Institute for Knowledge Transfer GmbH"},"image":{"@id":"http:\/\/www.flane.ch\/blog\/#\/schema\/logo\/image\/"},"sameAs":["http:\/\/www.facebook.com\/pages\/Fast-Lane-Deutschland\/111731048886409","https:\/\/x.com\/fastlanegermany","https:\/\/www.linkedin.com\/company\/fast-lane-deutschland","http:\/\/www.youtube.com\/user\/FastLaneGmbH"]}]}},"_links":{"self":[{"href":"https:\/\/www.flane.ch\/blog\/wp-json\/wp\/v2\/pages\/1117","targetHints":{"allow":["GET"]}}],"collection":[{"href":"https:\/\/www.flane.ch\/blog\/wp-json\/wp\/v2\/pages"}],"about":[{"href":"https:\/\/www.flane.ch\/blog\/wp-json\/wp\/v2\/types\/page"}],"author":[{"embeddable":true,"href":"https:\/\/www.flane.ch\/blog\/wp-json\/wp\/v2\/users\/17"}],"replies":[{"embeddable":true,"href":"https:\/\/www.flane.ch\/blog\/wp-json\/wp\/v2\/comments?post=1117"}],"version-history":[{"count":55,"href":"https:\/\/www.flane.ch\/blog\/wp-json\/wp\/v2\/pages\/1117\/revisions"}],"predecessor-version":[{"id":1367,"href":"https:\/\/www.flane.ch\/blog\/wp-json\/wp\/v2\/pages\/1117\/revisions\/1367"}],"wp:attachment":[{"href":"https:\/\/www.flane.ch\/blog\/wp-json\/wp\/v2\/media?parent=1117"}],"curies":[{"name":"wp","href":"https:\/\/api.w.org\/{rel}","templated":true}]}}